{"page":{"id":378,"pid":92,"title":"Arbeitsrecht","type":"Standard","meta":{"title":"Kongress Arbeitsrecht 2027","subtitle":"","abstract":"","description":"","keywords":"","canonical":"","robots":{"noIndex":false,"noFollow":false},"noIndex":"0","noFollow":"0"},"socialMedia":{"ogTitle":"","ogDescription":"","ogImage":[],"twitterTitle":"","twitterDescription":"","twitterCard":"summary","twitterImage":[]},"resources":{"media":[]},"categories":"","editorial":{"author":"","authorEmail":""},"navigation":{"slug":"\/","navTitle":"","target":"","noSearch":"0"},"breadcrumbs":[{"title":"Arbeitsrecht","link":"\/","target":"","active":1,"current":1,"spacer":0}],"cache":{"timeout":"","tags":""},"appearance":{"layout":"layout-13","backendLayout":"layout6","backendLayoutNextLevel":"","newUntil":"0"},"l10n":{"languageId":0},"system":{"tstamp":1787064521,"crdate":1786635634,"starttime":0,"endtime":0,"feGroup":"","sorting":8},"brandPage":[],"discountInfo":[],"notificationInfo":[],"hideQuestions":"0"},"content":{"colPos2002":[{"id":3332,"pid":378,"type":"q3i_icon_list","colPos":2002,"categories":"","appearance":{"layout":"default","frameClass":"default","spaceBefore":"","spaceAfter":"","frameHide":""},"content":{"header":"Was erwartet Sie","subheader":"","headerLayout":0,"headerPosition":"","headerLink":"","items":[{"header":"Aktuelles Arbeitsrecht aus erster Hand","bodytext":"","icon":"icon-Ic_32x32_Info"},{"header":"Hochkar\u00e4tige Expertinnen und Experten aus Recht, Politik und Praxis","bodytext":"","icon":"icon-Ic_32x32_Presence"},{"header":"2 Tage voller Wissen, Impulse und Diskussionen","bodytext":"","icon":"icon-Ic_32x32_Brain"},{"header":"Praxisdialog auf Augenh\u00f6he","bodytext":"","icon":"icon-Ic_32x32_Hybrid"},{"header":"Exklusives Networking mit Fachkolleginnen und -kollegen","bodytext":"","icon":"icon-Ic_32x32_Network"},{"header":"Abendveranstaltung in besonderem Ambiente","bodytext":"","icon":"icon-Ic_32x32_Cafe"}]}},{"id":3333,"pid":378,"type":"q3i_icon_list","colPos":2002,"categories":"","appearance":{"layout":"default","frameClass":"default","spaceBefore":"","spaceAfter":"","frameHide":""},"content":{"header":"","subheader":"","headerLayout":0,"headerPosition":"","headerLink":"","items":[{"header":"Personalverantwortliche und HR-Expertinnen und -Experten","bodytext":"","icon":"icon-Ic_16x16_Checkmark"},{"header":"Arbeitsrechtlerinnen und Arbeitsrechtler","bodytext":"","icon":"icon-Ic_16x16_Checkmark"},{"header":"Fach- und F\u00fchrungskr\u00e4fte","bodytext":"","icon":"icon-Ic_16x16_Checkmark"},{"header":"Gesch\u00e4ftsf\u00fchrerinnen und Gesch\u00e4ftsf\u00fchrer","bodytext":"","icon":"icon-Ic_16x16_Checkmark"},{"header":"Juristinnen und Juristen im Arbeitsrecht","bodytext":"","icon":"icon-Ic_16x16_Checkmark"}]}}],"colPos0":[{"id":3546,"pid":378,"type":"structured_content","colPos":0,"categories":"","appearance":{"layout":"highlights-intro-container","frameClass":"container-lg","spaceBefore":"","spaceAfter":"","frameHide":""},"content":{"header":"Einleitung","subheader":"","headerLayout":100,"headerPosition":"","headerLink":"","structure":{"layout":"onecol","grid":{"onecol":"0"},"rows":[{"columns":[{"config":{"name":"First column","colPos":"101"},"elements":[{"id":3545,"pid":378,"type":"text","colPos":-1,"categories":"","appearance":{"layout":"text","frameClass":"none","spaceBefore":"","spaceAfter":"","frameHide":""},"content":{"header":"KONGRESS ARBEITSRECHT 2027","subheader":"","headerLayout":100,"headerPosition":"","headerLink":"","bodytext":"<h2>KONGRESS ARBEITSRECHT 2027<\/h2>\n<p>Lorem ipsum dolor sit amet, consetetur sadipscing elitr, sed diam nonumy eirmod tempor invidunt ut labore et dolore magna aliquyam erat, sed diam voluptua. Lorem ipsum dolor sit amet, consetetur sadipscing elitr, sed diam nonumy eirmod tempor invidunt ut labore et dolore magna aliquyam erat, sed diam voluptua.<\/p>"}}]}]}]}}},{"id":3470,"pid":378,"type":"structured_content","colPos":0,"categories":"","appearance":{"layout":"default","frameClass":"default","spaceBefore":"large","spaceAfter":"","frameHide":""},"content":{"header":"","subheader":"","headerLayout":0,"headerPosition":"","headerLink":"","structure":{"layout":"onecol","grid":{"onecol":"0"},"rows":[{"columns":[{"config":{"name":"First column","colPos":"101"},"elements":[{"id":3334,"pid":378,"type":"q3i_tabs","colPos":-1,"categories":"","appearance":{"layout":"default","frameClass":"default","spaceBefore":"","spaceAfter":"","frameHide":""},"content":{"header":"Zielgruppe","subheader":"","headerLayout":0,"headerPosition":"","headerLink":"","items":[{"uid":"29","tab_name":"Was Sie erwartet","tab_content":[{"id":3332,"pid":378,"type":"q3i_icon_list","colPos":2002,"categories":"","appearance":{"layout":"default","frameClass":"default","spaceBefore":"","spaceAfter":"","frameHide":""},"content":{"header":"Was erwartet Sie","subheader":"","headerLayout":0,"headerPosition":"","headerLink":"","items":[{"header":"Aktuelles Arbeitsrecht aus erster Hand","bodytext":"","icon":"icon-Ic_32x32_Info"},{"header":"Hochkar\u00e4tige Expertinnen und Experten aus Recht, Politik und Praxis","bodytext":"","icon":"icon-Ic_32x32_Presence"},{"header":"2 Tage voller Wissen, Impulse und Diskussionen","bodytext":"","icon":"icon-Ic_32x32_Brain"},{"header":"Praxisdialog auf Augenh\u00f6he","bodytext":"","icon":"icon-Ic_32x32_Hybrid"},{"header":"Exklusives Networking mit Fachkolleginnen und -kollegen","bodytext":"","icon":"icon-Ic_32x32_Network"},{"header":"Abendveranstaltung in besonderem Ambiente","bodytext":"","icon":"icon-Ic_32x32_Cafe"}]}}]},{"uid":"30","tab_name":"Zielgruppe","tab_content":[{"id":3333,"pid":378,"type":"q3i_icon_list","colPos":2002,"categories":"","appearance":{"layout":"default","frameClass":"default","spaceBefore":"","spaceAfter":"","frameHide":""},"content":{"header":"","subheader":"","headerLayout":0,"headerPosition":"","headerLink":"","items":[{"header":"Personalverantwortliche und HR-Expertinnen und -Experten","bodytext":"","icon":"icon-Ic_16x16_Checkmark"},{"header":"Arbeitsrechtlerinnen und Arbeitsrechtler","bodytext":"","icon":"icon-Ic_16x16_Checkmark"},{"header":"Fach- und F\u00fchrungskr\u00e4fte","bodytext":"","icon":"icon-Ic_16x16_Checkmark"},{"header":"Gesch\u00e4ftsf\u00fchrerinnen und Gesch\u00e4ftsf\u00fchrer","bodytext":"","icon":"icon-Ic_16x16_Checkmark"},{"header":"Juristinnen und Juristen im Arbeitsrecht","bodytext":"","icon":"icon-Ic_16x16_Checkmark"}]}}]}]}},{"id":3336,"pid":378,"type":"q3i_button","colPos":-1,"categories":"","appearance":{"layout":"show-all-events","frameClass":"container-lg","spaceBefore":"","spaceAfter":"","frameHide":""},"content":{"header":"Zum Programm","subheader":"","headerLayout":0,"headerPosition":"","headerLink":"","button_link":{"type":"page","url":"\/programm\/vortragsprogramm2","target":"","title":"","class":"","link":"t3:\/\/page?uid=409","aTagParams":""},"button_text":"Zum Programm","button_layout":"secondary"}}]}]}]}}},{"id":3342,"pid":378,"type":"structured_content","colPos":0,"categories":"","appearance":{"layout":"lightbox-photoswipe-container","frameClass":"container-lg","spaceBefore":"large","spaceAfter":"","frameHide":""},"content":{"header":"Retrospektive 2026","subheader":"","headerLayout":100,"headerPosition":"","headerLink":"","structure":{"layout":"onecol","grid":{"onecol":"0"},"rows":[{"columns":[{"config":{"name":"First column","colPos":"101"},"elements":[{"id":3339,"pid":378,"type":"header","colPos":-1,"categories":"","appearance":{"layout":"default","frameClass":"default","spaceBefore":"","spaceAfter":"","frameHide":""},"content":{"header":"Retrospektive 2026","subheader":"","headerLayout":2,"headerPosition":"","headerLink":""}},{"id":3544,"pid":378,"type":"q3i_lightbox","colPos":-1,"categories":"","appearance":{"layout":"default","frameClass":"default","spaceBefore":"","spaceAfter":"","frameHide":""},"content":{"header":"","subheader":"","headerLayout":100,"headerPosition":"","headerLink":"","items":[{"uid":"802","pid":"378","image":[{"publicUrl":"https:\/\/api-arbeitsrecht.essociation.de\/fileadmin\/dokumente-kongresse\/ka\/impressionen\/2026\/KAR2026_01.jpg","properties":{"title":null,"alternative":null,"description":null,"mimeType":"image\/jpeg","type":"image","target":null,"filename":"KAR2026_01.jpg","originalUrl":"fileadmin\/dokumente-kongresse\/ka\/impressionen\/2026\/KAR2026_01.jpg","uidLocal":799,"fileReferenceUid":3008,"size":"2 MB","link":null,"dimensions":{"width":6000,"height":4000},"cropDimensions":{"width":6000,"height":4000},"crop":{"default":{"cropArea":{"x":0,"y":0,"width":1,"height":1},"selectedRatio":"NaN","focusArea":null}},"poster":0,"extension":"jpg","loadingLazy":1}}]},{"uid":"803","pid":"378","image":[{"publicUrl":"https:\/\/api-arbeitsrecht.essociation.de\/fileadmin\/dokumente-kongresse\/ka\/impressionen\/2026\/KAR2026_02.jpg","properties":{"title":null,"alternative":null,"description":null,"mimeType":"image\/jpeg","type":"image","target":null,"filename":"KAR2026_02.jpg","originalUrl":"fileadmin\/dokumente-kongresse\/ka\/impressionen\/2026\/KAR2026_02.jpg","uidLocal":801,"fileReferenceUid":3009,"size":"3 MB","link":null,"dimensions":{"width":6000,"height":4000},"cropDimensions":{"width":6000,"height":4000},"crop":{"default":{"cropArea":{"x":0,"y":0,"width":1,"height":1},"selectedRatio":"NaN","focusArea":null}},"poster":0,"extension":"jpg","loadingLazy":1}}]},{"uid":"804","pid":"378","image":[{"publicUrl":"https:\/\/api-arbeitsrecht.essociation.de\/fileadmin\/dokumente-kongresse\/ka\/impressionen\/2026\/KAR2026_03.jpg","properties":{"title":null,"alternative":null,"description":null,"mimeType":"image\/jpeg","type":"image","target":null,"filename":"KAR2026_03.jpg","originalUrl":"fileadmin\/dokumente-kongresse\/ka\/impressionen\/2026\/KAR2026_03.jpg","uidLocal":803,"fileReferenceUid":3010,"size":"2 MB","link":null,"dimensions":{"width":6000,"height":4000},"cropDimensions":{"width":6000,"height":4000},"crop":{"default":{"cropArea":{"x":0,"y":0,"width":1,"height":1},"selectedRatio":"NaN","focusArea":null}},"poster":0,"extension":"jpg","loadingLazy":1}}]},{"uid":"805","pid":"378","image":[{"publicUrl":"https:\/\/api-arbeitsrecht.essociation.de\/fileadmin\/dokumente-kongresse\/ka\/impressionen\/2026\/KAR2026_04.jpg","properties":{"title":null,"alternative":null,"description":null,"mimeType":"image\/jpeg","type":"image","target":null,"filename":"KAR2026_04.jpg","originalUrl":"fileadmin\/dokumente-kongresse\/ka\/impressionen\/2026\/KAR2026_04.jpg","uidLocal":798,"fileReferenceUid":3011,"size":"2 MB","link":null,"dimensions":{"width":6000,"height":4000},"cropDimensions":{"width":6000,"height":4000},"crop":{"default":{"cropArea":{"x":0,"y":0,"width":1,"height":1},"selectedRatio":"NaN","focusArea":null}},"poster":0,"extension":"jpg","loadingLazy":1}}]},{"uid":"806","pid":"378","image":[{"publicUrl":"https:\/\/api-arbeitsrecht.essociation.de\/fileadmin\/dokumente-kongresse\/ka\/impressionen\/2026\/KAR2026_05.jpg","properties":{"title":null,"alternative":null,"description":null,"mimeType":"image\/jpeg","type":"image","target":null,"filename":"KAR2026_05.jpg","originalUrl":"fileadmin\/dokumente-kongresse\/ka\/impressionen\/2026\/KAR2026_05.jpg","uidLocal":797,"fileReferenceUid":3012,"size":"2 MB","link":null,"dimensions":{"width":6000,"height":4000},"cropDimensions":{"width":6000,"height":4000},"crop":{"default":{"cropArea":{"x":0,"y":0,"width":1,"height":1},"selectedRatio":"NaN","focusArea":null}},"poster":0,"extension":"jpg","loadingLazy":1}}]},{"uid":"807","pid":"378","image":[{"publicUrl":"https:\/\/api-arbeitsrecht.essociation.de\/fileadmin\/dokumente-kongresse\/ka\/impressionen\/2026\/KAR2026_06.jpg","properties":{"title":null,"alternative":null,"description":null,"mimeType":"image\/jpeg","type":"image","target":null,"filename":"KAR2026_06.jpg","originalUrl":"fileadmin\/dokumente-kongresse\/ka\/impressionen\/2026\/KAR2026_06.jpg","uidLocal":795,"fileReferenceUid":3013,"size":"2 MB","link":null,"dimensions":{"width":6000,"height":4000},"cropDimensions":{"width":6000,"height":4000},"crop":{"default":{"cropArea":{"x":0,"y":0,"width":1,"height":1},"selectedRatio":"NaN","focusArea":null}},"poster":0,"extension":"jpg","loadingLazy":1}}]}]}},{"id":3343,"pid":378,"type":"q3i_button","colPos":-1,"categories":"","appearance":{"layout":"show-all-events","frameClass":"container-lg","spaceBefore":"extra-small","spaceAfter":"large","frameHide":""},"content":{"header":"Alle anzeigen","subheader":"","headerLayout":0,"headerPosition":"","headerLink":"","button_link":{"type":"page","url":"\/retrospektive\/retrospektive-2026","target":"","title":"","class":"","link":"t3:\/\/page?uid=420","aTagParams":""},"button_text":"Alle anzeigen","button_layout":"primary"}}]}]}]}}},{"id":3348,"pid":378,"type":"structured_content","colPos":0,"categories":"","appearance":{"layout":"organizer-cooperation-container","frameClass":"container-lg","spaceBefore":"","spaceAfter":"extra-large","frameHide":""},"content":{"header":"Veranstalter","subheader":"","headerLayout":100,"headerPosition":"","headerLink":"","structure":{"layout":"onecol","grid":{"onecol":"0"},"rows":[{"columns":[{"config":{"name":"First column","colPos":"101"},"elements":[{"id":3346,"pid":378,"type":"q3i_logo_list","colPos":-1,"categories":"","appearance":{"layout":"no-wrap-organizer-logo-list-container","frameClass":"none","spaceBefore":"","spaceAfter":"","frameHide":""},"content":{"header":"Wird veranstaltet von","subheader":"","headerLayout":100,"headerPosition":"","headerLink":"","items":[{"uid":"179","tt_content":"3346","header":"AuA","nav_title":"","image":"1","link":{"type":"url","url":"https:\/\/www.arbeit-und-arbeitsrecht.de","target":" target=\"_blank\"","title":"","class":"","link":"https:\/\/www.arbeit-und-arbeitsrecht.de _blank","aTagParams":""},"images":[{"publicUrl":"https:\/\/api-arbeitsrecht.essociation.de\/fileadmin\/dokumente-kongresse\/ka\/logos\/logo-ka-2.jpg","properties":{"title":null,"alternative":null,"description":null,"mimeType":"image\/jpeg","type":"image","target":null,"filename":"logo-ka-2.jpg","originalUrl":"fileadmin\/dokumente-kongresse\/ka\/logos\/logo-ka-2.jpg","uidLocal":739,"fileReferenceUid":2917,"size":"13 KB","link":null,"dimensions":{"width":480,"height":122},"cropDimensions":{"width":480,"height":122},"crop":{"default":{"cropArea":{"x":0,"y":0,"width":1,"height":1},"selectedRatio":"NaN","focusArea":null}},"poster":0,"extension":"jpg","loadingLazy":1}}]}]}},{"id":3347,"pid":378,"type":"q3i_logo_list","colPos":-1,"categories":"","appearance":{"layout":"no-wrap-organizer-logo-list-container","frameClass":"none","spaceBefore":"","spaceAfter":"","frameHide":""},"content":{"header":"In Kooperation mit","subheader":"","headerLayout":100,"headerPosition":"","headerLink":"","items":[{"uid":"180","tt_content":"3347","header":"BDA","nav_title":"","image":"1","link":{"type":"url","url":"https:\/\/arbeitgeber.de\/die-bda\/","target":" target=\"_blank\"","title":"","class":"","link":"https:\/\/arbeitgeber.de\/die-bda\/ _blank","aTagParams":""},"images":[{"publicUrl":"https:\/\/api-arbeitsrecht.essociation.de\/fileadmin\/dokumente-kongresse\/ka\/logos\/logo-bda.png","properties":{"title":null,"alternative":null,"description":null,"mimeType":"image\/png","type":"image","target":null,"filename":"logo-bda.png","originalUrl":"fileadmin\/dokumente-kongresse\/ka\/logos\/logo-bda.png","uidLocal":741,"fileReferenceUid":2918,"size":"117 KB","link":null,"dimensions":{"width":2560,"height":1514},"cropDimensions":{"width":2560,"height":1514},"crop":{"default":{"cropArea":{"x":0,"y":0,"width":1,"height":1},"selectedRatio":"NaN","focusArea":null}},"poster":0,"extension":"png","loadingLazy":1}}]}]}}]}]}]}}}],"colPos1":[{"id":3326,"pid":378,"type":"textpic","colPos":1,"categories":"","appearance":{"layout":"textpic-header-fullwidth-congress-home","frameClass":"default","spaceBefore":"","spaceAfter":"","frameHide":""},"content":{"header":"Kongress Arbeitsrecht 2027","subheader":"","headerLayout":100,"headerPosition":"","headerLink":"","enlargeImageOnClick":false,"bodytext":"<h1>Kongress Arbeitsrecht 2027<\/h1>\n<p><strong>20.04.2027 \u2013 21.04.2027 | Berlin und Digital<\/strong><\/p>\n<p><a target=\"_top\" class=\"btn btn-primary\">Tickets<\/a>&nbsp;<a href=\"\/programm\/vortragsprogramm2\" class=\"btn btn-transparent\">Programm<\/a><\/p>","gallery":{"position":{"horizontal":"center","vertical":"above","noWrap":false},"width":1920,"count":{"files":1,"columns":1,"rows":1},"columnSpacing":10,"border":{"enabled":false,"width":2,"padding":0},"rows":{"1":{"columns":{"1":{"publicUrl":"https:\/\/api-arbeitsrecht.essociation.de\/fileadmin\/_processed_\/7\/7\/csm_home-keyvisual-ka_f79f35a0a7.png","properties":{"title":null,"alternative":null,"description":null,"mimeType":"image\/png","type":"image","target":null,"filename":"csm_home-keyvisual-ka_f79f35a0a7.png","originalUrl":"fileadmin\/dokumente-kongresse\/ka\/home\/home-keyvisual-ka.webp","uidLocal":738,"fileReferenceUid":2744,"size":"573 KB","link":null,"dimensions":{"width":1920,"height":900},"cropDimensions":{"width":1920,"height":900},"crop":{"default":{"cropArea":{"x":0,"y":0,"width":1,"height":1},"selectedRatio":"NaN","focusArea":null}},"poster":0,"extension":"webp","loadingLazy":1}}}}}}}},{"id":3327,"pid":378,"type":"q3i_date_counter","colPos":1,"categories":"","appearance":{"layout":"default","frameClass":"default","spaceBefore":"","spaceAfter":"","frameHide":""},"content":{"header":"","subheader":"","headerLayout":0,"headerPosition":"","headerLink":"","data":{"date":"1808172000"}}}]},"languages":[{"languageId":0,"locale":"de_DE.UTF-8","title":"Deutsch","navigationTitle":"Deutsch","twoLetterIsoCode":"de","hreflang":"de-DE","direction":"ltr","flag":"flags-de","link":"\/","active":1,"current":0,"available":1}]}